{"id":332,"date":"2022-05-05T14:11:14","date_gmt":"2022-05-05T12:11:14","guid":{"rendered":"https:\/\/dev-scope.fr\/pro\/?post_type=product&#038;p=332"},"modified":"2022-05-24T12:23:14","modified_gmt":"2022-05-24T10:23:14","slug":"le-ptit","status":"publish","type":"product","link":"https:\/\/ruedesproducteurs.fr\/pro\/produit\/le-ptit\/","title":{"rendered":"Le p&#8217;tit"},"content":{"rendered":"","protected":false},"excerpt":{"rendered":"<p><strong>Dans ce petit panier se trouve :<\/strong><\/p>\n<ul>\n<li>Des olives picholines (100g), croquantes \u00e0 la couleur de la picholine, cultiv\u00e9es au pied du Mont Bouquet depuis 1996 au soleil du pi\u00e9mont des C\u00e9vennes<\/li>\n<li>Une terrine v\u00e9g\u00e9tale (200g), \u00e0 base de ch\u00e2taignes produite sur les hauteurs ard\u00e9choises<\/li>\n<li>Un miel (250g), au parfum de lavande<\/li>\n<li>Un petit caramel beurre sal\u00e9 gourmand (35g).<\/li>\n<\/ul>\n","protected":false},"featured_media":333,"comment_status":"open","ping_status":"closed","template":"","meta":[],"yoast_head":"<!-- This site is optimized with the Yoast SEO plugin v20.3 - https:\/\/yoast.com\/wordpress\/plugins\/seo\/ -->\n<title>Le p&#039;tit -<\/title>\n<meta name=\"robots\" content=\"index, follow, max-snippet:-1, max-image-preview:large, max-video-preview:-1\" \/>\n<link rel=\"canonical\" href=\"https:\/\/ruedesproducteurs.fr\/pro\/produit\/le-ptit\/\" \/>\n<meta property=\"og:locale\" content=\"fr_FR\" \/>\n<meta property=\"og:type\" content=\"article\" \/>\n<meta property=\"og:title\" content=\"Le p&#039;tit -\" \/>\n<meta property=\"og:description\" content=\"Dans ce petit panier se trouve :   Des olives picholines (100g), croquantes \u00e0 la couleur de la picholine, cultiv\u00e9es au pied du Mont Bouquet depuis 1996 au soleil du pi\u00e9mont des C\u00e9vennes  Une terrine v\u00e9g\u00e9tale (200g), \u00e0 base de ch\u00e2taignes produite sur les hauteurs ard\u00e9choises  Un miel (250g), au parfum de lavande  Un petit caramel beurre sal\u00e9 gourmand (35g).\" \/>\n<meta property=\"og:url\" content=\"https:\/\/ruedesproducteurs.fr\/pro\/produit\/le-ptit\/\" \/>\n<meta property=\"article:modified_time\" content=\"2022-05-24T10:23:14+00:00\" \/>\n<meta property=\"og:image\" content=\"https:\/\/ruedesproducteurs.fr\/pro\/wp-content\/uploads\/2022\/05\/Le-ptit_1890-scaled.jpg\" \/>\n\t<meta property=\"og:image:width\" content=\"2560\" \/>\n\t<meta property=\"og:image:height\" content=\"1886\" \/>\n\t<meta property=\"og:image:type\" content=\"image\/jpeg\" \/>\n<meta name=\"twitter:card\" content=\"summary_large_image\" \/>\n<script type=\"application\/ld+json\" class=\"yoast-schema-graph\">{\"@context\":\"https:\/\/schema.org\",\"@graph\":[{\"@type\":\"WebPage\",\"@id\":\"https:\/\/ruedesproducteurs.fr\/pro\/produit\/le-ptit\/\",\"url\":\"https:\/\/ruedesproducteurs.fr\/pro\/produit\/le-ptit\/\",\"name\":\"Le p'tit -\",\"isPartOf\":{\"@id\":\"https:\/\/ruedesproducteurs.fr\/pro\/#website\"},\"datePublished\":\"2022-05-05T12:11:14+00:00\",\"dateModified\":\"2022-05-24T10:23:14+00:00\",\"breadcrumb\":{\"@id\":\"https:\/\/ruedesproducteurs.fr\/pro\/produit\/le-ptit\/#breadcrumb\"},\"inLanguage\":\"fr-FR\",\"potentialAction\":[{\"@type\":\"ReadAction\",\"target\":[\"https:\/\/ruedesproducteurs.fr\/pro\/produit\/le-ptit\/\"]}]},{\"@type\":\"BreadcrumbList\",\"@id\":\"https:\/\/ruedesproducteurs.fr\/pro\/produit\/le-ptit\/#breadcrumb\",\"itemListElement\":[{\"@type\":\"ListItem\",\"position\":1,\"name\":\"Accueil\",\"item\":\"https:\/\/ruedesproducteurs.fr\/pro\/\"},{\"@type\":\"ListItem\",\"position\":2,\"name\":\"panier gourmand lyon\",\"item\":\"https:\/\/ruedesproducteurs.fr\/pro\/panier-gourmand-lyon\/\"},{\"@type\":\"ListItem\",\"position\":3,\"name\":\"Le p&rsquo;tit\"}]},{\"@type\":\"WebSite\",\"@id\":\"https:\/\/ruedesproducteurs.fr\/pro\/#website\",\"url\":\"https:\/\/ruedesproducteurs.fr\/pro\/\",\"name\":\"\",\"description\":\"\",\"potentialAction\":[{\"@type\":\"SearchAction\",\"target\":{\"@type\":\"EntryPoint\",\"urlTemplate\":\"https:\/\/ruedesproducteurs.fr\/pro\/?s={search_term_string}\"},\"query-input\":\"required name=search_term_string\"}],\"inLanguage\":\"fr-FR\"}]}<\/script>\n<!-- \/ Yoast SEO plugin. -->","yoast_head_json":{"title":"Le p'tit -","robots":{"index":"index","follow":"follow","max-snippet":"max-snippet:-1","max-image-preview":"max-image-preview:large","max-video-preview":"max-video-preview:-1"},"canonical":"https:\/\/ruedesproducteurs.fr\/pro\/produit\/le-ptit\/","og_locale":"fr_FR","og_type":"article","og_title":"Le p'tit -","og_description":"Dans ce petit panier se trouve :   Des olives picholines (100g), croquantes \u00e0 la couleur de la picholine, cultiv\u00e9es au pied du Mont Bouquet depuis 1996 au soleil du pi\u00e9mont des C\u00e9vennes  Une terrine v\u00e9g\u00e9tale (200g), \u00e0 base de ch\u00e2taignes produite sur les hauteurs ard\u00e9choises  Un miel (250g), au parfum de lavande  Un petit caramel beurre sal\u00e9 gourmand (35g).","og_url":"https:\/\/ruedesproducteurs.fr\/pro\/produit\/le-ptit\/","article_modified_time":"2022-05-24T10:23:14+00:00","og_image":[{"width":2560,"height":1886,"url":"https:\/\/ruedesproducteurs.fr\/pro\/wp-content\/uploads\/2022\/05\/Le-ptit_1890-scaled.jpg","type":"image\/jpeg"}],"twitter_card":"summary_large_image","schema":{"@context":"https:\/\/schema.org","@graph":[{"@type":"WebPage","@id":"https:\/\/ruedesproducteurs.fr\/pro\/produit\/le-ptit\/","url":"https:\/\/ruedesproducteurs.fr\/pro\/produit\/le-ptit\/","name":"Le p'tit -","isPartOf":{"@id":"https:\/\/ruedesproducteurs.fr\/pro\/#website"},"datePublished":"2022-05-05T12:11:14+00:00","dateModified":"2022-05-24T10:23:14+00:00","breadcrumb":{"@id":"https:\/\/ruedesproducteurs.fr\/pro\/produit\/le-ptit\/#breadcrumb"},"inLanguage":"fr-FR","potentialAction":[{"@type":"ReadAction","target":["https:\/\/ruedesproducteurs.fr\/pro\/produit\/le-ptit\/"]}]},{"@type":"BreadcrumbList","@id":"https:\/\/ruedesproducteurs.fr\/pro\/produit\/le-ptit\/#breadcrumb","itemListElement":[{"@type":"ListItem","position":1,"name":"Accueil","item":"https:\/\/ruedesproducteurs.fr\/pro\/"},{"@type":"ListItem","position":2,"name":"panier gourmand lyon","item":"https:\/\/ruedesproducteurs.fr\/pro\/panier-gourmand-lyon\/"},{"@type":"ListItem","position":3,"name":"Le p&rsquo;tit"}]},{"@type":"WebSite","@id":"https:\/\/ruedesproducteurs.fr\/pro\/#website","url":"https:\/\/ruedesproducteurs.fr\/pro\/","name":"","description":"","potentialAction":[{"@type":"SearchAction","target":{"@type":"EntryPoint","urlTemplate":"https:\/\/ruedesproducteurs.fr\/pro\/?s={search_term_string}"},"query-input":"required name=search_term_string"}],"inLanguage":"fr-FR"}]}},"_links":{"self":[{"href":"https:\/\/ruedesproducteurs.fr\/pro\/wp-json\/wp\/v2\/product\/332"}],"collection":[{"href":"https:\/\/ruedesproducteurs.fr\/pro\/wp-json\/wp\/v2\/product"}],"about":[{"href":"https:\/\/ruedesproducteurs.fr\/pro\/wp-json\/wp\/v2\/types\/product"}],"replies":[{"embeddable":true,"href":"https:\/\/ruedesproducteurs.fr\/pro\/wp-json\/wp\/v2\/comments?post=332"}],"wp:featuredmedia":[{"embeddable":true,"href":"https:\/\/ruedesproducteurs.fr\/pro\/wp-json\/wp\/v2\/media\/333"}],"wp:attachment":[{"href":"https:\/\/ruedesproducteurs.fr\/pro\/wp-json\/wp\/v2\/media?parent=332"}],"curies":[{"name":"wp","href":"https:\/\/api.w.org\/{rel}","templated":true}]}}