{"id":346,"date":"2022-05-05T14:35:37","date_gmt":"2022-05-05T12:35:37","guid":{"rendered":"https:\/\/dev-scope.fr\/pro\/?post_type=product&#038;p=346"},"modified":"2022-05-24T12:21:59","modified_gmt":"2022-05-24T10:21:59","slug":"tutti-frutti","status":"publish","type":"product","link":"https:\/\/ruedesproducteurs.fr\/pro\/produit\/tutti-frutti\/","title":{"rendered":"Tutti frutti"},"content":{"rendered":"","protected":false},"excerpt":{"rendered":"<p><strong>Dans ce panier sucr\u00e9 et gourmand on trouve : <\/strong><\/p>\n<ul>\n<li>Une confiture \u201cBelles Gourmandises\u201d (90g), \u00e0 la fraise, fabriqu\u00e9e pr\u00e8s de Lyon<\/li>\n<li>Des macarons sans gluten d\u2019Auvergne (160g), \u00e0 la myrtille \u00e0 \u00e0 la verveine<\/li>\n<li>Une compote \u201cPopocha\u201d bio (350g), \u00e0 la pomme poire et \u00e0 la ch\u00e2taigne, confectionn\u00e9e en Ard\u00e8che<\/li>\n<li>Deux jus \u201cPressoir du Pilat\u201d (25cl), 100% naturel et local fabriqu\u00e9s \u00e0 partir de fruits frais cultiv\u00e9s majoritairement dans le parc naturel r\u00e9gional du Pilat<\/li>\n<\/ul>\n","protected":false},"featured_media":347,"comment_status":"open","ping_status":"closed","template":"","meta":[],"yoast_head":"<!-- This site is optimized with the Yoast SEO plugin v20.3 - https:\/\/yoast.com\/wordpress\/plugins\/seo\/ -->\n<title>Tutti frutti -<\/title>\n<meta name=\"robots\" content=\"index, follow, max-snippet:-1, max-image-preview:large, max-video-preview:-1\" \/>\n<link rel=\"canonical\" href=\"https:\/\/ruedesproducteurs.fr\/pro\/produit\/tutti-frutti\/\" \/>\n<meta property=\"og:locale\" content=\"fr_FR\" \/>\n<meta property=\"og:type\" content=\"article\" \/>\n<meta property=\"og:title\" content=\"Tutti frutti -\" \/>\n<meta property=\"og:description\" content=\"Dans ce panier sucr\u00e9 et gourmand on trouve :    Une confiture \u201cBelles Gourmandises\u201d (90g), \u00e0 la fraise, fabriqu\u00e9e pr\u00e8s de Lyon  Des macarons sans gluten d\u2019Auvergne (160g), \u00e0 la myrtille \u00e0 \u00e0 la verveine  Une compote \u201cPopocha\u201d bio (350g), \u00e0 la pomme poire et \u00e0 la ch\u00e2taigne, confectionn\u00e9e en Ard\u00e8che  Deux jus \u201cPressoir du Pilat\u201d (25cl), 100% naturel et local fabriqu\u00e9s \u00e0 partir de fruits frais cultiv\u00e9s majoritairement dans le parc naturel r\u00e9gional du Pilat\" \/>\n<meta property=\"og:url\" content=\"https:\/\/ruedesproducteurs.fr\/pro\/produit\/tutti-frutti\/\" \/>\n<meta property=\"article:modified_time\" content=\"2022-05-24T10:21:59+00:00\" \/>\n<meta property=\"og:image\" content=\"https:\/\/ruedesproducteurs.fr\/pro\/wp-content\/uploads\/2022\/05\/Tutti-Frutti_1990-scaled.jpg\" \/>\n\t<meta property=\"og:image:width\" content=\"2560\" \/>\n\t<meta property=\"og:image:height\" content=\"1896\" \/>\n\t<meta property=\"og:image:type\" content=\"image\/jpeg\" \/>\n<meta name=\"twitter:card\" content=\"summary_large_image\" \/>\n<script type=\"application\/ld+json\" class=\"yoast-schema-graph\">{\"@context\":\"https:\/\/schema.org\",\"@graph\":[{\"@type\":\"WebPage\",\"@id\":\"https:\/\/ruedesproducteurs.fr\/pro\/produit\/tutti-frutti\/\",\"url\":\"https:\/\/ruedesproducteurs.fr\/pro\/produit\/tutti-frutti\/\",\"name\":\"Tutti frutti -\",\"isPartOf\":{\"@id\":\"https:\/\/ruedesproducteurs.fr\/pro\/#website\"},\"datePublished\":\"2022-05-05T12:35:37+00:00\",\"dateModified\":\"2022-05-24T10:21:59+00:00\",\"breadcrumb\":{\"@id\":\"https:\/\/ruedesproducteurs.fr\/pro\/produit\/tutti-frutti\/#breadcrumb\"},\"inLanguage\":\"fr-FR\",\"potentialAction\":[{\"@type\":\"ReadAction\",\"target\":[\"https:\/\/ruedesproducteurs.fr\/pro\/produit\/tutti-frutti\/\"]}]},{\"@type\":\"BreadcrumbList\",\"@id\":\"https:\/\/ruedesproducteurs.fr\/pro\/produit\/tutti-frutti\/#breadcrumb\",\"itemListElement\":[{\"@type\":\"ListItem\",\"position\":1,\"name\":\"Accueil\",\"item\":\"https:\/\/ruedesproducteurs.fr\/pro\/\"},{\"@type\":\"ListItem\",\"position\":2,\"name\":\"panier gourmand lyon\",\"item\":\"https:\/\/ruedesproducteurs.fr\/pro\/panier-gourmand-lyon\/\"},{\"@type\":\"ListItem\",\"position\":3,\"name\":\"Tutti frutti\"}]},{\"@type\":\"WebSite\",\"@id\":\"https:\/\/ruedesproducteurs.fr\/pro\/#website\",\"url\":\"https:\/\/ruedesproducteurs.fr\/pro\/\",\"name\":\"\",\"description\":\"\",\"potentialAction\":[{\"@type\":\"SearchAction\",\"target\":{\"@type\":\"EntryPoint\",\"urlTemplate\":\"https:\/\/ruedesproducteurs.fr\/pro\/?s={search_term_string}\"},\"query-input\":\"required name=search_term_string\"}],\"inLanguage\":\"fr-FR\"}]}<\/script>\n<!-- \/ Yoast SEO plugin. -->","yoast_head_json":{"title":"Tutti frutti -","robots":{"index":"index","follow":"follow","max-snippet":"max-snippet:-1","max-image-preview":"max-image-preview:large","max-video-preview":"max-video-preview:-1"},"canonical":"https:\/\/ruedesproducteurs.fr\/pro\/produit\/tutti-frutti\/","og_locale":"fr_FR","og_type":"article","og_title":"Tutti frutti -","og_description":"Dans ce panier sucr\u00e9 et gourmand on trouve :    Une confiture \u201cBelles Gourmandises\u201d (90g), \u00e0 la fraise, fabriqu\u00e9e pr\u00e8s de Lyon  Des macarons sans gluten d\u2019Auvergne (160g), \u00e0 la myrtille \u00e0 \u00e0 la verveine  Une compote \u201cPopocha\u201d bio (350g), \u00e0 la pomme poire et \u00e0 la ch\u00e2taigne, confectionn\u00e9e en Ard\u00e8che  Deux jus \u201cPressoir du Pilat\u201d (25cl), 100% naturel et local fabriqu\u00e9s \u00e0 partir de fruits frais cultiv\u00e9s majoritairement dans le parc naturel r\u00e9gional du Pilat","og_url":"https:\/\/ruedesproducteurs.fr\/pro\/produit\/tutti-frutti\/","article_modified_time":"2022-05-24T10:21:59+00:00","og_image":[{"width":2560,"height":1896,"url":"https:\/\/ruedesproducteurs.fr\/pro\/wp-content\/uploads\/2022\/05\/Tutti-Frutti_1990-scaled.jpg","type":"image\/jpeg"}],"twitter_card":"summary_large_image","schema":{"@context":"https:\/\/schema.org","@graph":[{"@type":"WebPage","@id":"https:\/\/ruedesproducteurs.fr\/pro\/produit\/tutti-frutti\/","url":"https:\/\/ruedesproducteurs.fr\/pro\/produit\/tutti-frutti\/","name":"Tutti frutti -","isPartOf":{"@id":"https:\/\/ruedesproducteurs.fr\/pro\/#website"},"datePublished":"2022-05-05T12:35:37+00:00","dateModified":"2022-05-24T10:21:59+00:00","breadcrumb":{"@id":"https:\/\/ruedesproducteurs.fr\/pro\/produit\/tutti-frutti\/#breadcrumb"},"inLanguage":"fr-FR","potentialAction":[{"@type":"ReadAction","target":["https:\/\/ruedesproducteurs.fr\/pro\/produit\/tutti-frutti\/"]}]},{"@type":"BreadcrumbList","@id":"https:\/\/ruedesproducteurs.fr\/pro\/produit\/tutti-frutti\/#breadcrumb","itemListElement":[{"@type":"ListItem","position":1,"name":"Accueil","item":"https:\/\/ruedesproducteurs.fr\/pro\/"},{"@type":"ListItem","position":2,"name":"panier gourmand lyon","item":"https:\/\/ruedesproducteurs.fr\/pro\/panier-gourmand-lyon\/"},{"@type":"ListItem","position":3,"name":"Tutti frutti"}]},{"@type":"WebSite","@id":"https:\/\/ruedesproducteurs.fr\/pro\/#website","url":"https:\/\/ruedesproducteurs.fr\/pro\/","name":"","description":"","potentialAction":[{"@type":"SearchAction","target":{"@type":"EntryPoint","urlTemplate":"https:\/\/ruedesproducteurs.fr\/pro\/?s={search_term_string}"},"query-input":"required name=search_term_string"}],"inLanguage":"fr-FR"}]}},"_links":{"self":[{"href":"https:\/\/ruedesproducteurs.fr\/pro\/wp-json\/wp\/v2\/product\/346"}],"collection":[{"href":"https:\/\/ruedesproducteurs.fr\/pro\/wp-json\/wp\/v2\/product"}],"about":[{"href":"https:\/\/ruedesproducteurs.fr\/pro\/wp-json\/wp\/v2\/types\/product"}],"replies":[{"embeddable":true,"href":"https:\/\/ruedesproducteurs.fr\/pro\/wp-json\/wp\/v2\/comments?post=346"}],"wp:featuredmedia":[{"embeddable":true,"href":"https:\/\/ruedesproducteurs.fr\/pro\/wp-json\/wp\/v2\/media\/347"}],"wp:attachment":[{"href":"https:\/\/ruedesproducteurs.fr\/pro\/wp-json\/wp\/v2\/media?parent=346"}],"curies":[{"name":"wp","href":"https:\/\/api.w.org\/{rel}","templated":true}]}}